{"id":5,"date":"2020-01-04T14:07:18","date_gmt":"2020-01-04T13:07:18","guid":{"rendered":"https:\/\/www.gerharddeim.at\/?page_id=5"},"modified":"2025-12-07T22:47:23","modified_gmt":"2025-12-07T21:47:23","slug":"home","status":"publish","type":"page","link":"https:\/\/www.gerharddeim.at\/en\/","title":{"rendered":"Home"},"content":{"rendered":"<div data-elementor-type=\"wp-page\" data-elementor-id=\"5\" class=\"elementor elementor-5\" data-elementor-post-type=\"page\">\n\t\t\t\t\t\t<section class=\"elementor-section elementor-top-section elementor-element elementor-element-46c28c14 elementor-section-items-top elementor-section-height-min-height elementor-section-full_width elementor-section-stretched elementor-section-height-default\" data-id=\"46c28c14\" data-element_type=\"section\" data-settings=\"{&quot;background_background&quot;:&quot;classic&quot;,&quot;stretch_section&quot;:&quot;section-stretched&quot;}\">\n\t\t\t\t\t\t\t<div class=\"elementor-background-overlay\"><\/div>\n\t\t\t\t\t\t\t<div class=\"elementor-container elementor-column-gap-default\">\n\t\t\t\t\t<div class=\"elementor-column elementor-col-100 elementor-top-column elementor-element elementor-element-28113b66\" data-id=\"28113b66\" data-element_type=\"column\">\n\t\t\t<div class=\"elementor-widget-wrap elementor-element-populated\">\n\t\t\t\t\t\t<div class=\"elementor-element elementor-element-03231cc elementor-widget elementor-widget-image\" data-id=\"03231cc\" data-element_type=\"widget\" data-settings=\"{&quot;_animation_tablet&quot;:&quot;none&quot;}\" data-widget_type=\"image.default\">\n\t\t\t\t<div class=\"elementor-widget-container\">\n\t\t\t\t\t\t\t\t\t\t\t\t\t\t\t<img decoding=\"async\" width=\"300\" height=\"86\" src=\"https:\/\/www.gerharddeim.at\/wp-content\/uploads\/2020\/01\/logo-freigestellt-300x86.png\" class=\"attachment-medium size-medium wp-image-236\" alt=\"\" srcset=\"https:\/\/www.gerharddeim.at\/wp-content\/uploads\/2020\/01\/logo-freigestellt-300x86.png 300w, https:\/\/www.gerharddeim.at\/wp-content\/uploads\/2020\/01\/logo-freigestellt-1024x293.png 1024w, https:\/\/www.gerharddeim.at\/wp-content\/uploads\/2020\/01\/logo-freigestellt-768x220.png 768w, https:\/\/www.gerharddeim.at\/wp-content\/uploads\/2020\/01\/logo-freigestellt-1536x439.png 1536w, https:\/\/www.gerharddeim.at\/wp-content\/uploads\/2020\/01\/logo-freigestellt-2048x585.png 2048w\" sizes=\"(max-width: 300px) 100vw, 300px\" \/>\t\t\t\t\t\t\t\t\t\t\t\t\t\t\t<\/div>\n\t\t\t\t<\/div>\n\t\t\t\t\t<\/div>\n\t\t<\/div>\n\t\t\t\t\t<\/div>\n\t\t<\/section>\n\t\t\t\t<section class=\"elementor-section elementor-top-section elementor-element elementor-element-561c878a elementor-section-content-middle elementor-section-full_width elementor-section-height-default elementor-section-height-default\" data-id=\"561c878a\" data-element_type=\"section\" data-settings=\"{&quot;background_background&quot;:&quot;classic&quot;}\">\n\t\t\t\t\t\t\t<div class=\"elementor-background-overlay\"><\/div>\n\t\t\t\t\t\t\t<div class=\"elementor-container elementor-column-gap-default\">\n\t\t\t\t\t<div class=\"elementor-column elementor-col-100 elementor-top-column elementor-element elementor-element-20012365\" data-id=\"20012365\" data-element_type=\"column\">\n\t\t\t<div class=\"elementor-widget-wrap elementor-element-populated\">\n\t\t\t\t\t<div class=\"elementor-background-overlay\"><\/div>\n\t\t\t\t\t\t<section class=\"elementor-section elementor-inner-section elementor-element elementor-element-6ed4e3f7 elementor-section-boxed elementor-section-height-default elementor-section-height-default\" data-id=\"6ed4e3f7\" data-element_type=\"section\" data-settings=\"{&quot;background_background&quot;:&quot;classic&quot;}\">\n\t\t\t\t\t\t<div class=\"elementor-container elementor-column-gap-default\">\n\t\t\t\t\t<div class=\"elementor-column elementor-col-100 elementor-inner-column elementor-element elementor-element-5b5dd9b7\" data-id=\"5b5dd9b7\" data-element_type=\"column\">\n\t\t\t<div class=\"elementor-widget-wrap elementor-element-populated\">\n\t\t\t\t\t\t<div class=\"elementor-element elementor-element-70951b43 elementor-widget elementor-widget-image\" data-id=\"70951b43\" data-element_type=\"widget\" data-widget_type=\"image.default\">\n\t\t\t\t<div class=\"elementor-widget-container\">\n\t\t\t\t\t\t\t\t\t\t\t\t\t\t\t<img fetchpriority=\"high\" decoding=\"async\" width=\"300\" height=\"300\" src=\"https:\/\/www.gerharddeim.at\/wp-content\/uploads\/2020\/01\/quotes-01-300x300.png\" class=\"attachment-medium size-medium wp-image-359\" alt=\"\" srcset=\"https:\/\/www.gerharddeim.at\/wp-content\/uploads\/2020\/01\/quotes-01-300x300.png 300w, https:\/\/www.gerharddeim.at\/wp-content\/uploads\/2020\/01\/quotes-01-100x100.png 100w, https:\/\/www.gerharddeim.at\/wp-content\/uploads\/2020\/01\/quotes-01-150x150.png 150w, https:\/\/www.gerharddeim.at\/wp-content\/uploads\/2020\/01\/quotes-01.png 512w\" sizes=\"(max-width: 300px) 100vw, 300px\" \/>\t\t\t\t\t\t\t\t\t\t\t\t\t\t\t<\/div>\n\t\t\t\t<\/div>\n\t\t\t\t<div class=\"elementor-element elementor-element-27ddcfa3 elementor-widget-divider--view-line elementor-widget elementor-widget-divider\" data-id=\"27ddcfa3\" data-element_type=\"widget\" data-widget_type=\"divider.default\">\n\t\t\t\t<div class=\"elementor-widget-container\">\n\t\t\t\t\t\t\t<div class=\"elementor-divider\">\n\t\t\t<span class=\"elementor-divider-separator\">\n\t\t\t\t\t\t<\/span>\n\t\t<\/div>\n\t\t\t\t\t\t<\/div>\n\t\t\t\t<\/div>\n\t\t\t\t<div class=\"elementor-element elementor-element-7d967011 elementor-widget elementor-widget-heading\" data-id=\"7d967011\" data-element_type=\"widget\" data-widget_type=\"heading.default\">\n\t\t\t\t<div class=\"elementor-widget-container\">\n\t\t\t\t\t<h2 class=\"elementor-heading-title elementor-size-default\">Old and young are united by the pursuit of uncompromisingly high quality, and this begins with the care and nurturing of each individual vine, both for single vineyard and reserve wines as well as for regional and light wines.<\/h2>\t\t\t\t<\/div>\n\t\t\t\t<\/div>\n\t\t\t\t\t<\/div>\n\t\t<\/div>\n\t\t\t\t\t<\/div>\n\t\t<\/section>\n\t\t\t\t\t<\/div>\n\t\t<\/div>\n\t\t\t\t\t<\/div>\n\t\t<\/section>\n\t\t\t\t<section class=\"elementor-section elementor-top-section elementor-element elementor-element-3851133b elementor-reverse-mobile elementor-section-boxed elementor-section-height-default elementor-section-height-default\" data-id=\"3851133b\" data-element_type=\"section\" data-settings=\"{&quot;background_background&quot;:&quot;classic&quot;}\">\n\t\t\t\t\t\t\t<div class=\"elementor-background-overlay\"><\/div>\n\t\t\t\t\t\t\t<div class=\"elementor-container elementor-column-gap-default\">\n\t\t\t\t\t<div class=\"elementor-column elementor-col-100 elementor-top-column elementor-element elementor-element-7eb67894\" data-id=\"7eb67894\" data-element_type=\"column\">\n\t\t\t<div class=\"elementor-widget-wrap elementor-element-populated\">\n\t\t\t\t\t\t<div class=\"elementor-element elementor-element-2413c4ea elementor-widget elementor-widget-heading\" data-id=\"2413c4ea\" data-element_type=\"widget\" data-widget_type=\"heading.default\">\n\t\t\t\t<div class=\"elementor-widget-container\">\n\t\t\t\t\t<h2 class=\"elementor-heading-title elementor-size-default\">NEWS:<\/h2>\t\t\t\t<\/div>\n\t\t\t\t<\/div>\n\t\t\t\t<section class=\"elementor-section elementor-inner-section elementor-element elementor-element-39986d3f elementor-section-boxed elementor-section-height-default elementor-section-height-default\" data-id=\"39986d3f\" data-element_type=\"section\">\n\t\t\t\t\t\t<div class=\"elementor-container elementor-column-gap-default\">\n\t\t\t\t\t<div class=\"elementor-column elementor-col-100 elementor-inner-column elementor-element elementor-element-12b9e441\" data-id=\"12b9e441\" data-element_type=\"column\">\n\t\t\t<div class=\"elementor-widget-wrap elementor-element-populated\">\n\t\t\t\t\t\t<div class=\"elementor-element elementor-element-1fab5c9f elementor-widget elementor-widget-heading\" data-id=\"1fab5c9f\" data-element_type=\"widget\" data-widget_type=\"heading.default\">\n\t\t\t\t<div class=\"elementor-widget-container\">\n\t\t\t\t\t<h3 class=\"elementor-heading-title elementor-size-default\">- from Sch\u00f6nberg -<\/h3>\t\t\t\t<\/div>\n\t\t\t\t<\/div>\n\t\t\t\t\t<\/div>\n\t\t<\/div>\n\t\t\t\t\t<\/div>\n\t\t<\/section>\n\t\t\t\t<section class=\"elementor-section elementor-inner-section elementor-element elementor-element-236360f0 elementor-section-full_width elementor-section-height-default elementor-section-height-default\" data-id=\"236360f0\" data-element_type=\"section\" data-settings=\"{&quot;background_background&quot;:&quot;gradient&quot;}\">\n\t\t\t\t\t\t<div class=\"elementor-container elementor-column-gap-default\">\n\t\t\t\t\t<div class=\"elementor-column elementor-col-33 elementor-inner-column elementor-element elementor-element-3a65b7c4\" data-id=\"3a65b7c4\" data-element_type=\"column\">\n\t\t\t<div class=\"elementor-widget-wrap elementor-element-populated\">\n\t\t\t\t\t\t<div class=\"elementor-element elementor-element-11820085 elementor-widget elementor-widget-image\" data-id=\"11820085\" data-element_type=\"widget\" data-settings=\"{&quot;_animation&quot;:&quot;none&quot;}\" data-widget_type=\"image.default\">\n\t\t\t\t<div class=\"elementor-widget-container\">\n\t\t\t\t\t\t\t\t\t\t\t\t\t\t\t\t<a href=\"https:\/\/www.gerharddeim.at\/en\/vinaria-sieger-2021-vs-2019\/\">\n\t\t\t\t\t\t\t<img decoding=\"async\" width=\"2048\" height=\"1365\" src=\"https:\/\/www.gerharddeim.at\/wp-content\/uploads\/2021\/01\/IMG_5486-2048x1365.jpg\" class=\"attachment-2048x2048 size-2048x2048 wp-image-1940\" alt=\"\" srcset=\"https:\/\/www.gerharddeim.at\/wp-content\/uploads\/2021\/01\/IMG_5486-2048x1365.jpg 2048w, https:\/\/www.gerharddeim.at\/wp-content\/uploads\/2021\/01\/IMG_5486-300x200.jpg 300w, https:\/\/www.gerharddeim.at\/wp-content\/uploads\/2021\/01\/IMG_5486-1024x683.jpg 1024w, https:\/\/www.gerharddeim.at\/wp-content\/uploads\/2021\/01\/IMG_5486-768x512.jpg 768w, https:\/\/www.gerharddeim.at\/wp-content\/uploads\/2021\/01\/IMG_5486-1536x1024.jpg 1536w, https:\/\/www.gerharddeim.at\/wp-content\/uploads\/2021\/01\/IMG_5486-scaled-600x400.jpg 600w\" sizes=\"(max-width: 2048px) 100vw, 2048px\" \/>\t\t\t\t\t\t\t\t<\/a>\n\t\t\t\t\t\t\t\t\t\t\t\t\t\t\t<\/div>\n\t\t\t\t<\/div>\n\t\t\t\t<div class=\"elementor-element elementor-element-9713046 elementor-widget elementor-widget-heading\" data-id=\"9713046\" data-element_type=\"widget\" data-widget_type=\"heading.default\">\n\t\t\t\t<div class=\"elementor-widget-container\">\n\t\t\t\t\t<h4 class=\"elementor-heading-title elementor-size-default\"><a href=\"https:\/\/www.gerharddeim.at\/en\/vinaria-sieger-2021-vs-2019\/\"><b>vinaria<\/b><br>sieger<\/a><\/h4>\t\t\t\t<\/div>\n\t\t\t\t<\/div>\n\t\t\t\t<div class=\"elementor-element elementor-element-4a4a6825 elementor-widget elementor-widget-text-editor\" data-id=\"4a4a6825\" data-element_type=\"widget\" data-widget_type=\"text-editor.default\">\n\t\t\t\t<div class=\"elementor-widget-container\">\n\t\t\t\t\t\t\t\t\t<p>Ried Kalvarienberg gewinnt VINARIA Vertikalverkostung 2021 vs. 2o19<\/p>\t\t\t\t\t\t\t\t<\/div>\n\t\t\t\t<\/div>\n\t\t\t\t<div class=\"elementor-element elementor-element-086934d elementor-align-center elementor-widget elementor-widget-button\" data-id=\"086934d\" data-element_type=\"widget\" data-widget_type=\"button.default\">\n\t\t\t\t<div class=\"elementor-widget-container\">\n\t\t\t\t\t\t\t\t\t<div class=\"elementor-button-wrapper\">\n\t\t\t\t\t<a class=\"elementor-button elementor-button-link elementor-size-sm\" href=\"https:\/\/www.gerharddeim.at\/en\/vinaria-sieger-2021-vs-2019\/\">\n\t\t\t\t\t\t<span class=\"elementor-button-content-wrapper\">\n\t\t\t\t\t\t\t\t\t<span class=\"elementor-button-text\">read more<\/span>\n\t\t\t\t\t<\/span>\n\t\t\t\t\t<\/a>\n\t\t\t\t<\/div>\n\t\t\t\t\t\t\t\t<\/div>\n\t\t\t\t<\/div>\n\t\t\t\t\t<\/div>\n\t\t<\/div>\n\t\t\t\t<div class=\"elementor-column elementor-col-33 elementor-inner-column elementor-element elementor-element-62d81e44\" data-id=\"62d81e44\" data-element_type=\"column\">\n\t\t\t<div class=\"elementor-widget-wrap elementor-element-populated\">\n\t\t\t\t\t\t<div class=\"elementor-element elementor-element-735c6c24 elementor-widget elementor-widget-image\" data-id=\"735c6c24\" data-element_type=\"widget\" data-widget_type=\"image.default\">\n\t\t\t\t<div class=\"elementor-widget-container\">\n\t\t\t\t\t\t\t\t\t\t\t\t\t\t\t\t<a href=\"https:\/\/vineus.transgourmet.at\/rueckblick\/rueckblick-2025\">\n\t\t\t\t\t\t\t<img loading=\"lazy\" decoding=\"async\" width=\"1599\" height=\"1600\" src=\"https:\/\/www.gerharddeim.at\/wp-content\/uploads\/2025\/05\/foto-vineus-homepage.jpeg\" class=\"attachment-2048x2048 size-2048x2048 wp-image-23294\" alt=\"\" srcset=\"https:\/\/www.gerharddeim.at\/wp-content\/uploads\/2025\/05\/foto-vineus-homepage.jpeg 1599w, https:\/\/www.gerharddeim.at\/wp-content\/uploads\/2025\/05\/foto-vineus-homepage-300x300.jpeg 300w, https:\/\/www.gerharddeim.at\/wp-content\/uploads\/2025\/05\/foto-vineus-homepage-1024x1024.jpeg 1024w, https:\/\/www.gerharddeim.at\/wp-content\/uploads\/2025\/05\/foto-vineus-homepage-150x150.jpeg 150w, https:\/\/www.gerharddeim.at\/wp-content\/uploads\/2025\/05\/foto-vineus-homepage-768x768.jpeg 768w, https:\/\/www.gerharddeim.at\/wp-content\/uploads\/2025\/05\/foto-vineus-homepage-1536x1536.jpeg 1536w, https:\/\/www.gerharddeim.at\/wp-content\/uploads\/2025\/05\/foto-vineus-homepage-12x12.jpeg 12w, https:\/\/www.gerharddeim.at\/wp-content\/uploads\/2025\/05\/foto-vineus-homepage-600x600.jpeg 600w, https:\/\/www.gerharddeim.at\/wp-content\/uploads\/2025\/05\/elementor\/thumbs\/foto-vineus-homepage-r5uwzwrt6ivdo2v7t21gyx2v0p45vfc2gj9kk9dxpk.jpeg 100w, https:\/\/www.gerharddeim.at\/wp-content\/uploads\/2025\/05\/elementor\/thumbs\/foto-vineus-homepage-r5uwzws457za64atj9tzzmo4cr0tt89jeok3wvoxzk.jpeg 1000w, https:\/\/www.gerharddeim.at\/wp-content\/uploads\/2025\/05\/elementor\/thumbs\/foto-vineus-homepage-r5uwzws1pieey3zcpg3nrgzea2lkhpu3n3drm2qhxc.jpeg 800w\" sizes=\"(max-width: 1599px) 100vw, 1599px\" \/>\t\t\t\t\t\t\t\t<\/a>\n\t\t\t\t\t\t\t\t\t\t\t\t\t\t\t<\/div>\n\t\t\t\t<\/div>\n\t\t\t\t<div class=\"elementor-element elementor-element-5337fbc9 elementor-widget elementor-widget-heading\" data-id=\"5337fbc9\" data-element_type=\"widget\" data-widget_type=\"heading.default\">\n\t\t\t\t<div class=\"elementor-widget-container\">\n\t\t\t\t\t<h4 class=\"elementor-heading-title elementor-size-default\"><a href=\"https:\/\/vineus.transgourmet.at\/rueckblick\/rueckblick-2025\"><b>vineus award<\/b><br>newcomer winzer<\/a><\/h4>\t\t\t\t<\/div>\n\t\t\t\t<\/div>\n\t\t\t\t<div class=\"elementor-element elementor-element-ba689ad elementor-widget elementor-widget-text-editor\" data-id=\"ba689ad\" data-element_type=\"widget\" data-widget_type=\"text-editor.default\">\n\t\t\t\t<div class=\"elementor-widget-container\">\n\t\t\t\t\t\t\t\t\t<p>Gerhard jun. wurde beim VINEUS AWARD als Jungwinzer des Jahres ausgezeichnet!<\/p>\t\t\t\t\t\t\t\t<\/div>\n\t\t\t\t<\/div>\n\t\t\t\t<div class=\"elementor-element elementor-element-f0a4d2d elementor-align-center elementor-widget elementor-widget-button\" data-id=\"f0a4d2d\" data-element_type=\"widget\" data-widget_type=\"button.default\">\n\t\t\t\t<div class=\"elementor-widget-container\">\n\t\t\t\t\t\t\t\t\t<div class=\"elementor-button-wrapper\">\n\t\t\t\t\t<a class=\"elementor-button elementor-button-link elementor-size-sm\" href=\"https:\/\/vineus.transgourmet.at\/rueckblick\/rueckblick-2025\">\n\t\t\t\t\t\t<span class=\"elementor-button-content-wrapper\">\n\t\t\t\t\t\t\t\t\t<span class=\"elementor-button-text\">read more<\/span>\n\t\t\t\t\t<\/span>\n\t\t\t\t\t<\/a>\n\t\t\t\t<\/div>\n\t\t\t\t\t\t\t\t<\/div>\n\t\t\t\t<\/div>\n\t\t\t\t\t<\/div>\n\t\t<\/div>\n\t\t\t\t<div class=\"elementor-column elementor-col-33 elementor-inner-column elementor-element elementor-element-4a5820f9\" data-id=\"4a5820f9\" data-element_type=\"column\">\n\t\t\t<div class=\"elementor-widget-wrap elementor-element-populated\">\n\t\t\t\t\t\t<div class=\"elementor-element elementor-element-4af88841 elementor-widget elementor-widget-image\" data-id=\"4af88841\" data-element_type=\"widget\" data-widget_type=\"image.default\">\n\t\t\t\t<div class=\"elementor-widget-container\">\n\t\t\t\t\t\t\t\t\t\t\t\t\t\t\t\t<a href=\"https:\/\/www.gerharddeim.at\/en\/falstaff-weinguide-2022-23\/\">\n\t\t\t\t\t\t\t<img loading=\"lazy\" decoding=\"async\" width=\"1170\" height=\"1170\" src=\"https:\/\/www.gerharddeim.at\/wp-content\/uploads\/2022\/09\/Falstaff-Weinguide-2022_23-_-quadratisch.jpeg\" class=\"attachment-full size-full wp-image-21754\" alt=\"\" srcset=\"https:\/\/www.gerharddeim.at\/wp-content\/uploads\/2022\/09\/Falstaff-Weinguide-2022_23-_-quadratisch.jpeg 1170w, https:\/\/www.gerharddeim.at\/wp-content\/uploads\/2022\/09\/Falstaff-Weinguide-2022_23-_-quadratisch-100x100.jpeg 100w, https:\/\/www.gerharddeim.at\/wp-content\/uploads\/2022\/09\/Falstaff-Weinguide-2022_23-_-quadratisch-300x300.jpeg 300w, https:\/\/www.gerharddeim.at\/wp-content\/uploads\/2022\/09\/Falstaff-Weinguide-2022_23-_-quadratisch-1024x1024.jpeg 1024w, https:\/\/www.gerharddeim.at\/wp-content\/uploads\/2022\/09\/Falstaff-Weinguide-2022_23-_-quadratisch-150x150.jpeg 150w, https:\/\/www.gerharddeim.at\/wp-content\/uploads\/2022\/09\/Falstaff-Weinguide-2022_23-_-quadratisch-768x768.jpeg 768w, https:\/\/www.gerharddeim.at\/wp-content\/uploads\/2022\/09\/Falstaff-Weinguide-2022_23-_-quadratisch-12x12.jpeg 12w, https:\/\/www.gerharddeim.at\/wp-content\/uploads\/2022\/09\/Falstaff-Weinguide-2022_23-_-quadratisch-600x600.jpeg 600w\" sizes=\"(max-width: 1170px) 100vw, 1170px\" \/>\t\t\t\t\t\t\t\t<\/a>\n\t\t\t\t\t\t\t\t\t\t\t\t\t\t\t<\/div>\n\t\t\t\t<\/div>\n\t\t\t\t<div class=\"elementor-element elementor-element-13ca2be elementor-widget elementor-widget-heading\" data-id=\"13ca2be\" data-element_type=\"widget\" data-widget_type=\"heading.default\">\n\t\t\t\t<div class=\"elementor-widget-container\">\n\t\t\t\t\t<h4 class=\"elementor-heading-title elementor-size-default\"><a href=\"https:\/\/www.gerharddeim.at\/en\/falstaff-weinguide-2022-23\/\"><b>falstaff<\/b><br>2025\/26<\/a><\/h4>\t\t\t\t<\/div>\n\t\t\t\t<\/div>\n\t\t\t\t<div class=\"elementor-element elementor-element-f4fd56f elementor-widget elementor-widget-text-editor\" data-id=\"f4fd56f\" data-element_type=\"widget\" data-widget_type=\"text-editor.default\">\n\t\t\t\t<div class=\"elementor-widget-container\">\n\t\t\t\t\t\t\t\t\t<p>3 stars in Falstaff Wine Guide<span style=\"font-size: 18px; background-color: transparent;\">.<\/span><\/p>\t\t\t\t\t\t\t\t<\/div>\n\t\t\t\t<\/div>\n\t\t\t\t<div class=\"elementor-element elementor-element-468def9 elementor-align-center elementor-widget elementor-widget-button\" data-id=\"468def9\" data-element_type=\"widget\" data-widget_type=\"button.default\">\n\t\t\t\t<div class=\"elementor-widget-container\">\n\t\t\t\t\t\t\t\t\t<div class=\"elementor-button-wrapper\">\n\t\t\t\t\t<a class=\"elementor-button elementor-button-link elementor-size-sm\" href=\"https:\/\/www.gerharddeim.at\/en\/falstaff-weinguide-2022-23\/\">\n\t\t\t\t\t\t<span class=\"elementor-button-content-wrapper\">\n\t\t\t\t\t\t\t\t\t<span class=\"elementor-button-text\">read more<\/span>\n\t\t\t\t\t<\/span>\n\t\t\t\t\t<\/a>\n\t\t\t\t<\/div>\n\t\t\t\t\t\t\t\t<\/div>\n\t\t\t\t<\/div>\n\t\t\t\t\t<\/div>\n\t\t<\/div>\n\t\t\t\t\t<\/div>\n\t\t<\/section>\n\t\t\t\t<div class=\"elementor-element elementor-element-8ba1bae elementor-widget elementor-widget-heading\" data-id=\"8ba1bae\" data-element_type=\"widget\" data-widget_type=\"heading.default\">\n\t\t\t\t<div class=\"elementor-widget-container\">\n\t\t\t\t\t<h2 class=\"elementor-heading-title elementor-size-default\">AKTUELLES<\/h2>\t\t\t\t<\/div>\n\t\t\t\t<\/div>\n\t\t\t\t<section class=\"elementor-section elementor-inner-section elementor-element elementor-element-c577f57 elementor-section-boxed elementor-section-height-default elementor-section-height-default\" data-id=\"c577f57\" data-element_type=\"section\">\n\t\t\t\t\t\t<div class=\"elementor-container elementor-column-gap-default\">\n\t\t\t\t\t<div class=\"elementor-column elementor-col-100 elementor-inner-column elementor-element elementor-element-c82665f\" data-id=\"c82665f\" data-element_type=\"column\">\n\t\t\t<div class=\"elementor-widget-wrap elementor-element-populated\">\n\t\t\t\t\t\t<div class=\"elementor-element elementor-element-dbfa25a elementor-widget elementor-widget-heading\" data-id=\"dbfa25a\" data-element_type=\"widget\" data-widget_type=\"heading.default\">\n\t\t\t\t<div class=\"elementor-widget-container\">\n\t\t\t\t\t<h3 class=\"elementor-heading-title elementor-size-default\">- from Sch\u00f6nberg -<\/h3>\t\t\t\t<\/div>\n\t\t\t\t<\/div>\n\t\t\t\t\t<\/div>\n\t\t<\/div>\n\t\t\t\t\t<\/div>\n\t\t<\/section>\n\t\t\t\t<div class=\"elementor-element elementor-element-0218848 elementor-widget elementor-widget-heading\" data-id=\"0218848\" data-element_type=\"widget\" data-widget_type=\"heading.default\">\n\t\t\t\t<div class=\"elementor-widget-container\">\n\t\t\t\t\t<h4 class=\"elementor-heading-title elementor-size-default\"><a href=\"https:\/\/www.gerharddeim.at\/en\/vinaria-weinguide-2025-26\/\"><b>5 Sterne<\/b><br>vinaria<\/a><\/h4>\t\t\t\t<\/div>\n\t\t\t\t<\/div>\n\t\t\t\t<div class=\"elementor-element elementor-element-b9cf253 elementor-widget elementor-widget-text-editor\" data-id=\"b9cf253\" data-element_type=\"widget\" data-widget_type=\"text-editor.default\">\n\t\t\t\t<div class=\"elementor-widget-container\">\n\t\t\t\t\t\t\t\t\t<p>&#8222;Dieses Weingut ist zur Spitze des Kamptals zu z\u00e4hlen&#8220; &#8211; Adi Schmid verkostet und bewertet unsere Weine: 5 Sterne f\u00fcr Beerenauslese Riesling 2023 und 3 Kronen f\u00fcr unser Weingut im VINARIA Weinguide 2025\/26.<\/p>\t\t\t\t\t\t\t\t<\/div>\n\t\t\t\t<\/div>\n\t\t\t\t<div class=\"elementor-element elementor-element-2976eb4 elementor-align-center elementor-widget elementor-widget-button\" data-id=\"2976eb4\" data-element_type=\"widget\" data-widget_type=\"button.default\">\n\t\t\t\t<div class=\"elementor-widget-container\">\n\t\t\t\t\t\t\t\t\t<div class=\"elementor-button-wrapper\">\n\t\t\t\t\t<a class=\"elementor-button elementor-button-link elementor-size-sm\" href=\"https:\/\/www.gerharddeim.at\/en\/vinaria-weinguide-2025-26\/\">\n\t\t\t\t\t\t<span class=\"elementor-button-content-wrapper\">\n\t\t\t\t\t\t\t\t\t<span class=\"elementor-button-text\">read more<\/span>\n\t\t\t\t\t<\/span>\n\t\t\t\t\t<\/a>\n\t\t\t\t<\/div>\n\t\t\t\t\t\t\t\t<\/div>\n\t\t\t\t<\/div>\n\t\t\t\t<div class=\"elementor-element elementor-element-956e1d9 elementor-widget elementor-widget-heading\" data-id=\"956e1d9\" data-element_type=\"widget\" data-widget_type=\"heading.default\">\n\t\t\t\t<div class=\"elementor-widget-container\">\n\t\t\t\t\t<h4 class=\"elementor-heading-title elementor-size-default\"><a href=\"https:\/\/www.gerharddeim.at\/en\/kamptal-wine-trophy-2022\/\"><b>winery of the year<\/b><br>kamptal<\/a><\/h4>\t\t\t\t<\/div>\n\t\t\t\t<\/div>\n\t\t\t\t<div class=\"elementor-element elementor-element-1d3ffe7 elementor-widget elementor-widget-text-editor\" data-id=\"1d3ffe7\" data-element_type=\"widget\" data-widget_type=\"text-editor.default\">\n\t\t\t\t<div class=\"elementor-widget-container\">\n\t\t\t\t\t\t\t\t\t<p>Bei der Kamptal Wine Trophy werden wir zum Weingut des Jahres 2024\/2025 gek\u00fcrt.<\/p>\t\t\t\t\t\t\t\t<\/div>\n\t\t\t\t<\/div>\n\t\t\t\t<div class=\"elementor-element elementor-element-c68c5f9 elementor-align-center elementor-widget elementor-widget-button\" data-id=\"c68c5f9\" data-element_type=\"widget\" data-widget_type=\"button.default\">\n\t\t\t\t<div class=\"elementor-widget-container\">\n\t\t\t\t\t\t\t\t\t<div class=\"elementor-button-wrapper\">\n\t\t\t\t\t<a class=\"elementor-button elementor-button-link elementor-size-sm\" href=\"https:\/\/www.gerharddeim.at\/en\/kamptal-wine-trophy-2022\/\">\n\t\t\t\t\t\t<span class=\"elementor-button-content-wrapper\">\n\t\t\t\t\t\t\t\t\t<span class=\"elementor-button-text\">read more<\/span>\n\t\t\t\t\t<\/span>\n\t\t\t\t\t<\/a>\n\t\t\t\t<\/div>\n\t\t\t\t\t\t\t\t<\/div>\n\t\t\t\t<\/div>\n\t\t\t\t<div class=\"elementor-element elementor-element-2278d45 elementor-widget elementor-widget-heading\" data-id=\"2278d45\" data-element_type=\"widget\" data-widget_type=\"heading.default\">\n\t\t\t\t<div class=\"elementor-widget-container\">\n\t\t\t\t\t<h4 class=\"elementor-heading-title elementor-size-default\"><a href=\"https:\/\/www.gerharddeim.at\/en\/vinaria-weinguide-2024-25\/\"><b>vinaria top wine<\/b><br>2024\/25<\/a><\/h4>\t\t\t\t<\/div>\n\t\t\t\t<\/div>\n\t\t\t\t<div class=\"elementor-element elementor-element-f947573 elementor-widget elementor-widget-text-editor\" data-id=\"f947573\" data-element_type=\"widget\" data-widget_type=\"text-editor.default\">\n\t\t\t\t<div class=\"elementor-widget-container\">\n\t\t\t\t\t\t\t\t\t<p>\"As exciting as a thriller\" - 2022 Ried Irbling is one of the most outstanding wines of the vintage in the Vinaria Wine Guide 2024\/25.<\/p>\t\t\t\t\t\t\t\t<\/div>\n\t\t\t\t<\/div>\n\t\t\t\t<div class=\"elementor-element elementor-element-fb859df elementor-align-center elementor-widget elementor-widget-button\" data-id=\"fb859df\" data-element_type=\"widget\" data-widget_type=\"button.default\">\n\t\t\t\t<div class=\"elementor-widget-container\">\n\t\t\t\t\t\t\t\t\t<div class=\"elementor-button-wrapper\">\n\t\t\t\t\t<a class=\"elementor-button elementor-button-link elementor-size-sm\" href=\"https:\/\/www.gerharddeim.at\/en\/vinaria-weinguide-2024-25\/\">\n\t\t\t\t\t\t<span class=\"elementor-button-content-wrapper\">\n\t\t\t\t\t\t\t\t\t<span class=\"elementor-button-text\">find out more<\/span>\n\t\t\t\t\t<\/span>\n\t\t\t\t\t<\/a>\n\t\t\t\t<\/div>\n\t\t\t\t\t\t\t\t<\/div>\n\t\t\t\t<\/div>\n\t\t\t\t<div class=\"elementor-element elementor-element-5a92a78 elementor-widget elementor-widget-heading\" data-id=\"5a92a78\" data-element_type=\"widget\" data-widget_type=\"heading.default\">\n\t\t\t\t<div class=\"elementor-widget-container\">\n\t\t\t\t\t<h4 class=\"elementor-heading-title elementor-size-default\"><a href=\"https:\/\/www.gerharddeim.at\/en\/kalvarienberggv\/\"><b>iwsc 2024<\/b><br>wine trophy winner<\/a><\/h4>\t\t\t\t<\/div>\n\t\t\t\t<\/div>\n\t\t\t\t<div class=\"elementor-element elementor-element-0e12e4f elementor-widget elementor-widget-text-editor\" data-id=\"0e12e4f\" data-element_type=\"widget\" data-widget_type=\"text-editor.default\">\n\t\t\t\t<div class=\"elementor-widget-container\">\n\t\t\t\t\t\t\t\t\t<p>2022 Ried Kalvarienberg is awarded IWSC Wine Trophy Winner 2024 at the International Wine &amp; Spirits Competition with 95 points<\/p>\t\t\t\t\t\t\t\t<\/div>\n\t\t\t\t<\/div>\n\t\t\t\t<div class=\"elementor-element elementor-element-c3ccb8a elementor-align-center elementor-widget elementor-widget-button\" data-id=\"c3ccb8a\" data-element_type=\"widget\" data-widget_type=\"button.default\">\n\t\t\t\t<div class=\"elementor-widget-container\">\n\t\t\t\t\t\t\t\t\t<div class=\"elementor-button-wrapper\">\n\t\t\t\t\t<a class=\"elementor-button elementor-button-link elementor-size-sm\" href=\"https:\/\/www.gerharddeim.at\/en\/kalvarienberggv\/\">\n\t\t\t\t\t\t<span class=\"elementor-button-content-wrapper\">\n\t\t\t\t\t\t\t\t\t<span class=\"elementor-button-text\">to the wine<\/span>\n\t\t\t\t\t<\/span>\n\t\t\t\t\t<\/a>\n\t\t\t\t<\/div>\n\t\t\t\t\t\t\t\t<\/div>\n\t\t\t\t<\/div>\n\t\t\t\t<div class=\"elementor-element elementor-element-e88649d elementor-widget elementor-widget-heading\" data-id=\"e88649d\" data-element_type=\"widget\" data-widget_type=\"heading.default\">\n\t\t\t\t<div class=\"elementor-widget-container\">\n\t\t\t\t\t<h4 class=\"elementor-heading-title elementor-size-default\"><a href=\"https:\/\/www.gerharddeim.at\/en\/schoenberggv\/\"><b>linzer wein<\/b><br>des jahres 2025<\/a><\/h4>\t\t\t\t<\/div>\n\t\t\t\t<\/div>\n\t\t\t\t<div class=\"elementor-element elementor-element-e1b8a5e elementor-widget elementor-widget-text-editor\" data-id=\"e1b8a5e\" data-element_type=\"widget\" data-widget_type=\"text-editor.default\">\n\t\t\t\t<div class=\"elementor-widget-container\">\n\t\t\t\t\t\t\t\t\t<p>2023 Sch\u00f6nberg Gr\u00fcner Veltliner is chosen as the wine of Linz 2025<\/p>\t\t\t\t\t\t\t\t<\/div>\n\t\t\t\t<\/div>\n\t\t\t\t<div class=\"elementor-element elementor-element-2266c2b elementor-align-center elementor-widget elementor-widget-button\" data-id=\"2266c2b\" data-element_type=\"widget\" data-widget_type=\"button.default\">\n\t\t\t\t<div class=\"elementor-widget-container\">\n\t\t\t\t\t\t\t\t\t<div class=\"elementor-button-wrapper\">\n\t\t\t\t\t<a class=\"elementor-button elementor-button-link elementor-size-sm\" href=\"https:\/\/www.gerharddeim.at\/en\/schoenberggv\/\">\n\t\t\t\t\t\t<span class=\"elementor-button-content-wrapper\">\n\t\t\t\t\t\t\t\t\t<span class=\"elementor-button-text\">to the wine<\/span>\n\t\t\t\t\t<\/span>\n\t\t\t\t\t<\/a>\n\t\t\t\t<\/div>\n\t\t\t\t\t\t\t\t<\/div>\n\t\t\t\t<\/div>\n\t\t\t\t<div class=\"elementor-element elementor-element-b0f523f elementor-widget elementor-widget-heading\" data-id=\"b0f523f\" data-element_type=\"widget\" data-widget_type=\"heading.default\">\n\t\t\t\t<div class=\"elementor-widget-container\">\n\t\t\t\t\t<h4 class=\"elementor-heading-title elementor-size-default\"><a href=\"https:\/\/www.gerharddeim.at\/en\/wein-pur-guide-2024-2025\/\"><b>wein.pur<\/b><br>guide 2024\/25<\/a><\/h4>\t\t\t\t<\/div>\n\t\t\t\t<\/div>\n\t\t\t\t<div class=\"elementor-element elementor-element-6c90207 elementor-widget elementor-widget-text-editor\" data-id=\"6c90207\" data-element_type=\"widget\" data-widget_type=\"text-editor.default\">\n\t\t\t\t<div class=\"elementor-widget-container\">\n\t\t\t\t\t\t\t\t\t<p>Three times 5 glasses for our single vineyard wines<span style=\"font-size: 18px;\">\u00a0<\/span><\/p>\t\t\t\t\t\t\t\t<\/div>\n\t\t\t\t<\/div>\n\t\t\t\t<div class=\"elementor-element elementor-element-6388e70 elementor-align-center elementor-widget elementor-widget-button\" data-id=\"6388e70\" data-element_type=\"widget\" data-widget_type=\"button.default\">\n\t\t\t\t<div class=\"elementor-widget-container\">\n\t\t\t\t\t\t\t\t\t<div class=\"elementor-button-wrapper\">\n\t\t\t\t\t<a class=\"elementor-button elementor-button-link elementor-size-sm\" href=\"https:\/\/www.gerharddeim.at\/en\/wein-pur-guide-2024-2025\/\">\n\t\t\t\t\t\t<span class=\"elementor-button-content-wrapper\">\n\t\t\t\t\t\t\t\t\t<span class=\"elementor-button-text\">read more<\/span>\n\t\t\t\t\t<\/span>\n\t\t\t\t\t<\/a>\n\t\t\t\t<\/div>\n\t\t\t\t\t\t\t\t<\/div>\n\t\t\t\t<\/div>\n\t\t\t\t<div class=\"elementor-element elementor-element-7f9a771 elementor-widget elementor-widget-heading\" data-id=\"7f9a771\" data-element_type=\"widget\" data-widget_type=\"heading.default\">\n\t\t\t\t<div class=\"elementor-widget-container\">\n\t\t\t\t\t<h4 class=\"elementor-heading-title elementor-size-default\"><a href=\"https:\/\/www.gerharddeim.at\/en\/kamptal-riesling\/\"><b>salon wein<\/b><br>2024<\/a><\/h4>\t\t\t\t<\/div>\n\t\t\t\t<\/div>\n\t\t\t\t<div class=\"elementor-element elementor-element-6f5843e elementor-widget elementor-widget-text-editor\" data-id=\"6f5843e\" data-element_type=\"widget\" data-widget_type=\"text-editor.default\">\n\t\t\t\t<div class=\"elementor-widget-container\">\n\t\t\t\t\t\t\t\t\t<p>2023 Kamptal Riesling is among the best wines of Austria<\/p>\t\t\t\t\t\t\t\t<\/div>\n\t\t\t\t<\/div>\n\t\t\t\t<div class=\"elementor-element elementor-element-a5aa8b3 elementor-align-center elementor-widget elementor-widget-button\" data-id=\"a5aa8b3\" data-element_type=\"widget\" data-widget_type=\"button.default\">\n\t\t\t\t<div class=\"elementor-widget-container\">\n\t\t\t\t\t\t\t\t\t<div class=\"elementor-button-wrapper\">\n\t\t\t\t\t<a class=\"elementor-button elementor-button-link elementor-size-sm\" href=\"https:\/\/www.gerharddeim.at\/en\/kamptal-riesling\/\">\n\t\t\t\t\t\t<span class=\"elementor-button-content-wrapper\">\n\t\t\t\t\t\t\t\t\t<span class=\"elementor-button-text\">to the wine<\/span>\n\t\t\t\t\t<\/span>\n\t\t\t\t\t<\/a>\n\t\t\t\t<\/div>\n\t\t\t\t\t\t\t\t<\/div>\n\t\t\t\t<\/div>\n\t\t\t\t<div class=\"elementor-element elementor-element-69f6b07 elementor-widget elementor-widget-heading\" data-id=\"69f6b07\" data-element_type=\"widget\" data-widget_type=\"heading.default\">\n\t\t\t\t<div class=\"elementor-widget-container\">\n\t\t\t\t\t<h4 class=\"elementor-heading-title elementor-size-default\"><a href=\"https:\/\/www.gerharddeim.at\/en\/weine\/\"><b>2. place<\/b><br>n\u00f6 weinpr\u00e4mierung 2024<\/a><\/h4>\t\t\t\t<\/div>\n\t\t\t\t<\/div>\n\t\t\t\t<div class=\"elementor-element elementor-element-5bc51b8 elementor-widget elementor-widget-text-editor\" data-id=\"5bc51b8\" data-element_type=\"widget\" data-widget_type=\"text-editor.default\">\n\t\t\t\t<div class=\"elementor-widget-container\">\n\t\t\t\t\t\t\t\t\t<p>2022 Zweigelt Reserve Alte Reben takes 2nd place at the 2024 State Wine Awards of Lower Austria. 2022 Ried Bernthal and 2023 Hauptsache Veltliner are also named finalists and are therfore among the best wines in Lower Austria.<span style=\"font-size: 18px;\">&nbsp;<\/span><\/p>\t\t\t\t\t\t\t\t<\/div>\n\t\t\t\t<\/div>\n\t\t\t\t<div class=\"elementor-element elementor-element-6309047 elementor-align-center elementor-widget elementor-widget-button\" data-id=\"6309047\" data-element_type=\"widget\" data-widget_type=\"button.default\">\n\t\t\t\t<div class=\"elementor-widget-container\">\n\t\t\t\t\t\t\t\t\t<div class=\"elementor-button-wrapper\">\n\t\t\t\t\t<a class=\"elementor-button elementor-button-link elementor-size-sm\" href=\"https:\/\/www.gerharddeim.at\/en\/weine\/\">\n\t\t\t\t\t\t<span class=\"elementor-button-content-wrapper\">\n\t\t\t\t\t\t\t\t\t<span class=\"elementor-button-text\">wines<\/span>\n\t\t\t\t\t<\/span>\n\t\t\t\t\t<\/a>\n\t\t\t\t<\/div>\n\t\t\t\t\t\t\t\t<\/div>\n\t\t\t\t<\/div>\n\t\t\t\t<div class=\"elementor-element elementor-element-78b7dbe elementor-widget elementor-widget-heading\" data-id=\"78b7dbe\" data-element_type=\"widget\" data-widget_type=\"heading.default\">\n\t\t\t\t<div class=\"elementor-widget-container\">\n\t\t\t\t\t<h4 class=\"elementor-heading-title elementor-size-default\"><a href=\"https:\/\/www.gerharddeim.at\/en\/vinaria-weinguide-2025-26\/\"><b>5 Sterne<\/b><br>vinaria<\/a><\/h4>\t\t\t\t<\/div>\n\t\t\t\t<\/div>\n\t\t\t\t\t<\/div>\n\t\t<\/div>\n\t\t\t\t\t<\/div>\n\t\t<\/section>\n\t\t\t\t<section class=\"elementor-section elementor-top-section elementor-element elementor-element-7bf3b4e elementor-section-boxed elementor-section-height-default elementor-section-height-default\" data-id=\"7bf3b4e\" data-element_type=\"section\" data-settings=\"{&quot;background_background&quot;:&quot;classic&quot;}\">\n\t\t\t\t\t\t<div class=\"elementor-container elementor-column-gap-default\">\n\t\t\t\t\t<div class=\"elementor-column elementor-col-100 elementor-top-column elementor-element elementor-element-fef9439\" data-id=\"fef9439\" data-element_type=\"column\" data-settings=\"{&quot;background_background&quot;:&quot;classic&quot;}\">\n\t\t\t<div class=\"elementor-widget-wrap elementor-element-populated\">\n\t\t\t\t\t<div class=\"elementor-background-overlay\"><\/div>\n\t\t\t\t\t\t<section class=\"elementor-section elementor-inner-section elementor-element elementor-element-690fdfb elementor-section-full_width elementor-section-height-default elementor-section-height-default\" data-id=\"690fdfb\" data-element_type=\"section\" data-settings=\"{&quot;background_background&quot;:&quot;gradient&quot;}\">\n\t\t\t\t\t\t<div class=\"elementor-container elementor-column-gap-default\">\n\t\t\t\t\t<div class=\"elementor-column elementor-col-100 elementor-inner-column elementor-element elementor-element-ec94f4f\" data-id=\"ec94f4f\" data-element_type=\"column\" data-settings=\"{&quot;background_background&quot;:&quot;classic&quot;}\">\n\t\t\t<div class=\"elementor-widget-wrap elementor-element-populated\">\n\t\t\t\t\t\t<div class=\"elementor-element elementor-element-4347ed8 elementor-widget elementor-widget-heading\" data-id=\"4347ed8\" data-element_type=\"widget\" data-widget_type=\"heading.default\">\n\t\t\t\t<div class=\"elementor-widget-container\">\n\t\t\t\t\t<h3 class=\"elementor-heading-title elementor-size-large\">ORIGIN<\/h3>\t\t\t\t<\/div>\n\t\t\t\t<\/div>\n\t\t\t\t<div class=\"elementor-element elementor-element-294b14c elementor-widget elementor-widget-heading\" data-id=\"294b14c\" data-element_type=\"widget\" data-widget_type=\"heading.default\">\n\t\t\t\t<div class=\"elementor-widget-container\">\n\t\t\t\t\t<h3 class=\"elementor-heading-title elementor-size-default\">- Single Vineyards -<\/h3>\t\t\t\t<\/div>\n\t\t\t\t<\/div>\n\t\t\t\t<div class=\"elementor-element elementor-element-f1da34b elementor-widget elementor-widget-text-editor\" data-id=\"f1da34b\" data-element_type=\"widget\" data-widget_type=\"text-editor.default\">\n\t\t\t\t<div class=\"elementor-widget-container\">\n\t\t\t\t\t\t\t\t\t<div id=\"Content\">\n<div class=\"boxed\">\n<div id=\"lipsum\">\n<p>One hour west of Vienna, following the river Kamp upstream from Langenlois, almost at the northern end of the Kamptal wine-growing region, lies the village of Sch\u00f6nberg. The last foothills of the Waldviertel in the west, steep slopes of the Manhartsberg in the east and the Kalvarienberg in the north encircle the village.<\/p>\n<\/div>\n<\/div>\n<\/div>\t\t\t\t\t\t\t\t<\/div>\n\t\t\t\t<\/div>\n\t\t\t\t<div class=\"elementor-element elementor-element-5e1e731 elementor-align-center elementor-widget elementor-widget-button\" data-id=\"5e1e731\" data-element_type=\"widget\" data-widget_type=\"button.default\">\n\t\t\t\t<div class=\"elementor-widget-container\">\n\t\t\t\t\t\t\t\t\t<div class=\"elementor-button-wrapper\">\n\t\t\t\t\t<a class=\"elementor-button elementor-button-link elementor-size-sm\" href=\"https:\/\/www.gerharddeim.at\/en\/rieden\/\">\n\t\t\t\t\t\t<span class=\"elementor-button-content-wrapper\">\n\t\t\t\t\t\t\t\t\t<span class=\"elementor-button-text\">Our vineyards<\/span>\n\t\t\t\t\t<\/span>\n\t\t\t\t\t<\/a>\n\t\t\t\t<\/div>\n\t\t\t\t\t\t\t\t<\/div>\n\t\t\t\t<\/div>\n\t\t\t\t\t<\/div>\n\t\t<\/div>\n\t\t\t\t\t<\/div>\n\t\t<\/section>\n\t\t\t\t\t<\/div>\n\t\t<\/div>\n\t\t\t\t\t<\/div>\n\t\t<\/section>\n\t\t\t\t<section class=\"elementor-section elementor-top-section elementor-element elementor-element-4c8695b elementor-section-content-middle elementor-section-full_width elementor-section-height-default elementor-section-height-default\" data-id=\"4c8695b\" data-element_type=\"section\" data-settings=\"{&quot;background_background&quot;:&quot;classic&quot;}\">\n\t\t\t\t\t\t\t<div class=\"elementor-background-overlay\"><\/div>\n\t\t\t\t\t\t\t<div class=\"elementor-container elementor-column-gap-default\">\n\t\t\t\t\t<div class=\"elementor-column elementor-col-100 elementor-top-column elementor-element elementor-element-400319a\" data-id=\"400319a\" data-element_type=\"column\">\n\t\t\t<div class=\"elementor-widget-wrap elementor-element-populated\">\n\t\t\t\t\t<div class=\"elementor-background-overlay\"><\/div>\n\t\t\t\t\t\t<section class=\"elementor-section elementor-inner-section elementor-element elementor-element-ceddef8 elementor-section-boxed elementor-section-height-default elementor-section-height-default\" data-id=\"ceddef8\" data-element_type=\"section\" data-settings=\"{&quot;background_background&quot;:&quot;classic&quot;}\">\n\t\t\t\t\t\t<div class=\"elementor-container elementor-column-gap-default\">\n\t\t\t\t\t<div class=\"elementor-column elementor-col-100 elementor-inner-column elementor-element elementor-element-cf665e8\" data-id=\"cf665e8\" data-element_type=\"column\">\n\t\t\t<div class=\"elementor-widget-wrap elementor-element-populated\">\n\t\t\t\t\t\t<div class=\"elementor-element elementor-element-3cd64a7 elementor-widget elementor-widget-image\" data-id=\"3cd64a7\" data-element_type=\"widget\" data-widget_type=\"image.default\">\n\t\t\t\t<div class=\"elementor-widget-container\">\n\t\t\t\t\t\t\t\t\t\t\t\t\t\t\t<img fetchpriority=\"high\" decoding=\"async\" width=\"300\" height=\"300\" src=\"https:\/\/www.gerharddeim.at\/wp-content\/uploads\/2020\/01\/quotes-01-300x300.png\" class=\"attachment-medium size-medium wp-image-359\" alt=\"\" srcset=\"https:\/\/www.gerharddeim.at\/wp-content\/uploads\/2020\/01\/quotes-01-300x300.png 300w, https:\/\/www.gerharddeim.at\/wp-content\/uploads\/2020\/01\/quotes-01-100x100.png 100w, https:\/\/www.gerharddeim.at\/wp-content\/uploads\/2020\/01\/quotes-01-150x150.png 150w, https:\/\/www.gerharddeim.at\/wp-content\/uploads\/2020\/01\/quotes-01.png 512w\" sizes=\"(max-width: 300px) 100vw, 300px\" \/>\t\t\t\t\t\t\t\t\t\t\t\t\t\t\t<\/div>\n\t\t\t\t<\/div>\n\t\t\t\t<div class=\"elementor-element elementor-element-2237bba elementor-widget-divider--view-line elementor-widget elementor-widget-divider\" data-id=\"2237bba\" data-element_type=\"widget\" data-widget_type=\"divider.default\">\n\t\t\t\t<div class=\"elementor-widget-container\">\n\t\t\t\t\t\t\t<div class=\"elementor-divider\">\n\t\t\t<span class=\"elementor-divider-separator\">\n\t\t\t\t\t\t<\/span>\n\t\t<\/div>\n\t\t\t\t\t\t<\/div>\n\t\t\t\t<\/div>\n\t\t\t\t<div class=\"elementor-element elementor-element-4f804ca elementor-widget elementor-widget-heading\" data-id=\"4f804ca\" data-element_type=\"widget\" data-widget_type=\"heading.default\">\n\t\t\t\t<div class=\"elementor-widget-container\">\n\t\t\t\t\t<h2 class=\"elementor-heading-title elementor-size-default\">The foundation of the winery is laid through cross-generational collaboration and the associated combination of time-honoured methods and young experimentation.<\/h2>\t\t\t\t<\/div>\n\t\t\t\t<\/div>\n\t\t\t\t\t<\/div>\n\t\t<\/div>\n\t\t\t\t\t<\/div>\n\t\t<\/section>\n\t\t\t\t\t<\/div>\n\t\t<\/div>\n\t\t\t\t\t<\/div>\n\t\t<\/section>\n\t\t\t\t<section class=\"elementor-section elementor-top-section elementor-element elementor-element-6fe1462 elementor-section-boxed elementor-section-height-default elementor-section-height-default\" data-id=\"6fe1462\" data-element_type=\"section\" data-settings=\"{&quot;background_background&quot;:&quot;classic&quot;}\">\n\t\t\t\t\t\t\t<div class=\"elementor-background-overlay\"><\/div>\n\t\t\t\t\t\t\t<div class=\"elementor-container elementor-column-gap-default\">\n\t\t\t\t\t<div class=\"elementor-column elementor-col-100 elementor-top-column elementor-element elementor-element-5b8daf1\" data-id=\"5b8daf1\" data-element_type=\"column\">\n\t\t\t<div class=\"elementor-widget-wrap elementor-element-populated\">\n\t\t\t\t\t\t<div class=\"elementor-element elementor-element-dc6fa9d elementor-widget elementor-widget-heading\" data-id=\"dc6fa9d\" data-element_type=\"widget\" data-widget_type=\"heading.default\">\n\t\t\t\t<div class=\"elementor-widget-container\">\n\t\t\t\t\t<h2 class=\"elementor-heading-title elementor-size-default\">FAMILY<\/h2>\t\t\t\t<\/div>\n\t\t\t\t<\/div>\n\t\t\t\t<div class=\"elementor-element elementor-element-b558269 elementor-widget elementor-widget-heading\" data-id=\"b558269\" data-element_type=\"widget\" data-widget_type=\"heading.default\">\n\t\t\t\t<div class=\"elementor-widget-container\">\n\t\t\t\t\t<h3 class=\"elementor-heading-title elementor-size-default\">- us -<\/h3>\t\t\t\t<\/div>\n\t\t\t\t<\/div>\n\t\t\t\t<section class=\"elementor-section elementor-inner-section elementor-element elementor-element-e216e05 elementor-section-full_width elementor-section-height-default elementor-section-height-default\" data-id=\"e216e05\" data-element_type=\"section\" data-settings=\"{&quot;background_background&quot;:&quot;gradient&quot;}\">\n\t\t\t\t\t\t<div class=\"elementor-container elementor-column-gap-default\">\n\t\t\t\t\t<div class=\"elementor-column elementor-col-100 elementor-inner-column elementor-element elementor-element-d2000e6\" data-id=\"d2000e6\" data-element_type=\"column\">\n\t\t\t<div class=\"elementor-widget-wrap elementor-element-populated\">\n\t\t\t\t\t\t<div class=\"elementor-element elementor-element-f8e91f1 elementor-widget elementor-widget-image\" data-id=\"f8e91f1\" data-element_type=\"widget\" data-widget_type=\"image.default\">\n\t\t\t\t<div class=\"elementor-widget-container\">\n\t\t\t\t\t\t\t\t\t\t\t\t\t\t\t<img loading=\"lazy\" decoding=\"async\" width=\"1232\" height=\"800\" src=\"https:\/\/www.gerharddeim.at\/wp-content\/uploads\/2020\/07\/Martina-Gerhard-jun.-Gerhard-sen..jpg\" class=\"attachment-full size-full wp-image-1653\" alt=\"\" srcset=\"https:\/\/www.gerharddeim.at\/wp-content\/uploads\/2020\/07\/Martina-Gerhard-jun.-Gerhard-sen..jpg 1232w, https:\/\/www.gerharddeim.at\/wp-content\/uploads\/2020\/07\/Martina-Gerhard-jun.-Gerhard-sen.-300x195.jpg 300w, https:\/\/www.gerharddeim.at\/wp-content\/uploads\/2020\/07\/Martina-Gerhard-jun.-Gerhard-sen.-1024x665.jpg 1024w, https:\/\/www.gerharddeim.at\/wp-content\/uploads\/2020\/07\/Martina-Gerhard-jun.-Gerhard-sen.-768x499.jpg 768w\" sizes=\"(max-width: 1232px) 100vw, 1232px\" \/>\t\t\t\t\t\t\t\t\t\t\t\t\t\t\t<\/div>\n\t\t\t\t<\/div>\n\t\t\t\t\t<\/div>\n\t\t<\/div>\n\t\t\t\t\t<\/div>\n\t\t<\/section>\n\t\t\t\t<div class=\"elementor-element elementor-element-be91dfc elementor-align-center elementor-widget elementor-widget-button\" data-id=\"be91dfc\" data-element_type=\"widget\" data-widget_type=\"button.default\">\n\t\t\t\t<div class=\"elementor-widget-container\">\n\t\t\t\t\t\t\t\t\t<div class=\"elementor-button-wrapper\">\n\t\t\t\t\t<a class=\"elementor-button elementor-button-link elementor-size-sm\" href=\"https:\/\/www.gerharddeim.at\/en\/familie\/\">\n\t\t\t\t\t\t<span class=\"elementor-button-content-wrapper\">\n\t\t\t\t\t\t\t\t\t<span class=\"elementor-button-text\">Family<\/span>\n\t\t\t\t\t<\/span>\n\t\t\t\t\t<\/a>\n\t\t\t\t<\/div>\n\t\t\t\t\t\t\t\t<\/div>\n\t\t\t\t<\/div>\n\t\t\t\t\t<\/div>\n\t\t<\/div>\n\t\t\t\t\t<\/div>\n\t\t<\/section>\n\t\t\t\t<section class=\"elementor-section elementor-top-section elementor-element elementor-element-36de98e elementor-section-content-middle elementor-section-full_width elementor-section-height-default elementor-section-height-default\" data-id=\"36de98e\" data-element_type=\"section\" data-settings=\"{&quot;background_background&quot;:&quot;classic&quot;}\">\n\t\t\t\t\t\t\t<div class=\"elementor-background-overlay\"><\/div>\n\t\t\t\t\t\t\t<div class=\"elementor-container elementor-column-gap-default\">\n\t\t\t\t\t<div class=\"elementor-column elementor-col-100 elementor-top-column elementor-element elementor-element-052d058\" data-id=\"052d058\" data-element_type=\"column\">\n\t\t\t<div class=\"elementor-widget-wrap elementor-element-populated\">\n\t\t\t\t\t<div class=\"elementor-background-overlay\"><\/div>\n\t\t\t\t\t\t<section class=\"elementor-section elementor-inner-section elementor-element elementor-element-da9213d elementor-section-boxed elementor-section-height-default elementor-section-height-default\" data-id=\"da9213d\" data-element_type=\"section\" data-settings=\"{&quot;background_background&quot;:&quot;classic&quot;}\">\n\t\t\t\t\t\t<div class=\"elementor-container elementor-column-gap-default\">\n\t\t\t\t\t<div class=\"elementor-column elementor-col-100 elementor-inner-column elementor-element elementor-element-fea5344\" data-id=\"fea5344\" data-element_type=\"column\">\n\t\t\t<div class=\"elementor-widget-wrap elementor-element-populated\">\n\t\t\t\t\t\t<div class=\"elementor-element elementor-element-79c9a4b elementor-widget elementor-widget-image\" data-id=\"79c9a4b\" data-element_type=\"widget\" data-widget_type=\"image.default\">\n\t\t\t\t<div class=\"elementor-widget-container\">\n\t\t\t\t\t\t\t\t\t\t\t\t\t\t\t<img fetchpriority=\"high\" decoding=\"async\" width=\"300\" height=\"300\" src=\"https:\/\/www.gerharddeim.at\/wp-content\/uploads\/2020\/01\/quotes-01-300x300.png\" class=\"attachment-medium size-medium wp-image-359\" alt=\"\" srcset=\"https:\/\/www.gerharddeim.at\/wp-content\/uploads\/2020\/01\/quotes-01-300x300.png 300w, https:\/\/www.gerharddeim.at\/wp-content\/uploads\/2020\/01\/quotes-01-100x100.png 100w, https:\/\/www.gerharddeim.at\/wp-content\/uploads\/2020\/01\/quotes-01-150x150.png 150w, https:\/\/www.gerharddeim.at\/wp-content\/uploads\/2020\/01\/quotes-01.png 512w\" sizes=\"(max-width: 300px) 100vw, 300px\" \/>\t\t\t\t\t\t\t\t\t\t\t\t\t\t\t<\/div>\n\t\t\t\t<\/div>\n\t\t\t\t<div class=\"elementor-element elementor-element-26f56f4 elementor-widget-divider--view-line elementor-widget elementor-widget-divider\" data-id=\"26f56f4\" data-element_type=\"widget\" data-widget_type=\"divider.default\">\n\t\t\t\t<div class=\"elementor-widget-container\">\n\t\t\t\t\t\t\t<div class=\"elementor-divider\">\n\t\t\t<span class=\"elementor-divider-separator\">\n\t\t\t\t\t\t<\/span>\n\t\t<\/div>\n\t\t\t\t\t\t<\/div>\n\t\t\t\t<\/div>\n\t\t\t\t<div class=\"elementor-element elementor-element-f245bf5 elementor-widget elementor-widget-heading\" data-id=\"f245bf5\" data-element_type=\"widget\" data-widget_type=\"heading.default\">\n\t\t\t\t<div class=\"elementor-widget-container\">\n\t\t\t\t\t<h2 class=\"elementor-heading-title elementor-size-default\">Kamptal\u2019s single vineyard wines (Riedenweine) all exhibit distinctive personalities. They reflect the soil structure and the various microclimates found in the most detailed of areas, and with this faithfully express the individual character of each vineyard.<\/h2>\t\t\t\t<\/div>\n\t\t\t\t<\/div>\n\t\t\t\t\t<\/div>\n\t\t<\/div>\n\t\t\t\t\t<\/div>\n\t\t<\/section>\n\t\t\t\t\t<\/div>\n\t\t<\/div>\n\t\t\t\t\t<\/div>\n\t\t<\/section>\n\t\t\t\t<section class=\"elementor-section elementor-top-section elementor-element elementor-element-90c4cbd elementor-section-boxed elementor-section-height-default elementor-section-height-default\" data-id=\"90c4cbd\" data-element_type=\"section\">\n\t\t\t\t\t\t<div class=\"elementor-container elementor-column-gap-default\">\n\t\t\t\t\t<div class=\"elementor-column elementor-col-100 elementor-top-column elementor-element elementor-element-c7654e9\" data-id=\"c7654e9\" data-element_type=\"column\">\n\t\t\t<div class=\"elementor-widget-wrap elementor-element-populated\">\n\t\t\t\t\t\t<div class=\"elementor-element elementor-element-6617b3d elementor-widget elementor-widget-heading\" data-id=\"6617b3d\" data-element_type=\"widget\" data-widget_type=\"heading.default\">\n\t\t\t\t<div class=\"elementor-widget-container\">\n\t\t\t\t\t<h2 class=\"elementor-heading-title elementor-size-default\">WINES<\/h2>\t\t\t\t<\/div>\n\t\t\t\t<\/div>\n\t\t\t\t<div class=\"elementor-element elementor-element-6f847bf elementor-widget elementor-widget-heading\" data-id=\"6f847bf\" data-element_type=\"widget\" data-widget_type=\"heading.default\">\n\t\t\t\t<div class=\"elementor-widget-container\">\n\t\t\t\t\t<h3 class=\"elementor-heading-title elementor-size-default\">- Sch\u00f6nberg's single vineyards - <br><\/h3>\t\t\t\t<\/div>\n\t\t\t\t<\/div>\n\t\t\t\t\t<\/div>\n\t\t<\/div>\n\t\t\t\t\t<\/div>\n\t\t<\/section>\n\t\t\t\t<section class=\"elementor-section elementor-top-section elementor-element elementor-element-8dd9329 elementor-section-boxed elementor-section-height-default elementor-section-height-default\" data-id=\"8dd9329\" data-element_type=\"section\" data-settings=\"{&quot;background_background&quot;:&quot;classic&quot;}\">\n\t\t\t\t\t\t\t<div class=\"elementor-background-overlay\"><\/div>\n\t\t\t\t\t\t\t<div class=\"elementor-container elementor-column-gap-default\">\n\t\t\t\t\t<div class=\"elementor-column elementor-col-100 elementor-top-column elementor-element elementor-element-b912902\" data-id=\"b912902\" data-element_type=\"column\">\n\t\t\t<div class=\"elementor-widget-wrap elementor-element-populated\">\n\t\t\t\t\t\t<section class=\"elementor-section elementor-inner-section elementor-element elementor-element-13f42c4 elementor-section-full_width elementor-section-height-default elementor-section-height-default\" data-id=\"13f42c4\" data-element_type=\"section\">\n\t\t\t\t\t\t<div class=\"elementor-container elementor-column-gap-default\">\n\t\t\t\t\t<div class=\"elementor-column elementor-col-33 elementor-inner-column elementor-element elementor-element-1c5e0d6\" data-id=\"1c5e0d6\" data-element_type=\"column\">\n\t\t\t<div class=\"elementor-widget-wrap elementor-element-populated\">\n\t\t\t\t\t\t<div class=\"elementor-element elementor-element-e1fd6bd elementor-widget elementor-widget-image\" data-id=\"e1fd6bd\" data-element_type=\"widget\" data-widget_type=\"image.default\">\n\t\t\t\t<div class=\"elementor-widget-container\">\n\t\t\t\t\t\t\t\t\t\t\t\t\t\t\t\t<a href=\"https:\/\/www.gerharddeim.at\/en\/bernthalgv\/\">\n\t\t\t\t\t\t\t<img loading=\"lazy\" decoding=\"async\" width=\"1135\" height=\"4191\" src=\"https:\/\/www.gerharddeim.at\/wp-content\/uploads\/2021\/04\/Ried-BERNTHAL-GV-comp.png\" class=\"attachment-full size-full wp-image-2472\" alt=\"\" srcset=\"https:\/\/www.gerharddeim.at\/wp-content\/uploads\/2021\/04\/Ried-BERNTHAL-GV-comp.png 1135w, https:\/\/www.gerharddeim.at\/wp-content\/uploads\/2021\/04\/Ried-BERNTHAL-GV-comp-300x1108.png 300w, https:\/\/www.gerharddeim.at\/wp-content\/uploads\/2021\/04\/Ried-BERNTHAL-GV-comp-81x300.png 81w, https:\/\/www.gerharddeim.at\/wp-content\/uploads\/2021\/04\/Ried-BERNTHAL-GV-comp-277x1024.png 277w, https:\/\/www.gerharddeim.at\/wp-content\/uploads\/2021\/04\/Ried-BERNTHAL-GV-comp-768x2836.png 768w, https:\/\/www.gerharddeim.at\/wp-content\/uploads\/2021\/04\/Ried-BERNTHAL-GV-comp-416x1536.png 416w, https:\/\/www.gerharddeim.at\/wp-content\/uploads\/2021\/04\/Ried-BERNTHAL-GV-comp-555x2048.png 555w, https:\/\/www.gerharddeim.at\/wp-content\/uploads\/2021\/04\/Ried-BERNTHAL-GV-comp-3x12.png 3w, https:\/\/www.gerharddeim.at\/wp-content\/uploads\/2021\/04\/Ried-BERNTHAL-GV-comp-600x2216.png 600w\" sizes=\"(max-width: 1135px) 100vw, 1135px\" \/>\t\t\t\t\t\t\t\t<\/a>\n\t\t\t\t\t\t\t\t\t\t\t\t\t\t\t<\/div>\n\t\t\t\t<\/div>\n\t\t\t\t<div class=\"elementor-element elementor-element-c6a44a7 elementor-widget elementor-widget-heading\" data-id=\"c6a44a7\" data-element_type=\"widget\" data-widget_type=\"heading.default\">\n\t\t\t\t<div class=\"elementor-widget-container\">\n\t\t\t\t\t<h4 class=\"elementor-heading-title elementor-size-default\"><a href=\"https:\/\/www.gerharddeim.at\/en\/bernthalgv\/\">RIED<\/a><\/h4>\t\t\t\t<\/div>\n\t\t\t\t<\/div>\n\t\t\t\t<div class=\"elementor-element elementor-element-e834299 elementor-widget elementor-widget-heading\" data-id=\"e834299\" data-element_type=\"widget\" data-widget_type=\"heading.default\">\n\t\t\t\t<div class=\"elementor-widget-container\">\n\t\t\t\t\t<span class=\"elementor-heading-title elementor-size-default\"><a href=\"https:\/\/www.gerharddeim.at\/en\/bernthalgv\/\">BERNTHAL<\/a><\/span>\t\t\t\t<\/div>\n\t\t\t\t<\/div>\n\t\t\t\t\t<\/div>\n\t\t<\/div>\n\t\t\t\t<div class=\"elementor-column elementor-col-33 elementor-inner-column elementor-element elementor-element-65c2de9\" data-id=\"65c2de9\" data-element_type=\"column\">\n\t\t\t<div class=\"elementor-widget-wrap elementor-element-populated\">\n\t\t\t\t\t\t<div class=\"elementor-element elementor-element-09d5210 elementor-widget elementor-widget-image\" data-id=\"09d5210\" data-element_type=\"widget\" data-widget_type=\"image.default\">\n\t\t\t\t<div class=\"elementor-widget-container\">\n\t\t\t\t\t\t\t\t\t\t\t\t\t\t\t\t<a href=\"https:\/\/www.gerharddeim.at\/en\/weine\/kalvarienberggv\/\">\n\t\t\t\t\t\t\t<img loading=\"lazy\" decoding=\"async\" width=\"1124\" height=\"4199\" src=\"https:\/\/www.gerharddeim.at\/wp-content\/uploads\/2021\/04\/Ried-KALVARIENBERG-GV-comp.png\" class=\"attachment-full size-full wp-image-2473\" alt=\"\" srcset=\"https:\/\/www.gerharddeim.at\/wp-content\/uploads\/2021\/04\/Ried-KALVARIENBERG-GV-comp.png 1124w, https:\/\/www.gerharddeim.at\/wp-content\/uploads\/2021\/04\/Ried-KALVARIENBERG-GV-comp-300x1121.png 300w, https:\/\/www.gerharddeim.at\/wp-content\/uploads\/2021\/04\/Ried-KALVARIENBERG-GV-comp-80x300.png 80w, https:\/\/www.gerharddeim.at\/wp-content\/uploads\/2021\/04\/Ried-KALVARIENBERG-GV-comp-274x1024.png 274w, https:\/\/www.gerharddeim.at\/wp-content\/uploads\/2021\/04\/Ried-KALVARIENBERG-GV-comp-768x2869.png 768w, https:\/\/www.gerharddeim.at\/wp-content\/uploads\/2021\/04\/Ried-KALVARIENBERG-GV-comp-411x1536.png 411w, https:\/\/www.gerharddeim.at\/wp-content\/uploads\/2021\/04\/Ried-KALVARIENBERG-GV-comp-548x2048.png 548w, https:\/\/www.gerharddeim.at\/wp-content\/uploads\/2021\/04\/Ried-KALVARIENBERG-GV-comp-3x12.png 3w, https:\/\/www.gerharddeim.at\/wp-content\/uploads\/2021\/04\/Ried-KALVARIENBERG-GV-comp-600x2241.png 600w\" sizes=\"(max-width: 1124px) 100vw, 1124px\" \/>\t\t\t\t\t\t\t\t<\/a>\n\t\t\t\t\t\t\t\t\t\t\t\t\t\t\t<\/div>\n\t\t\t\t<\/div>\n\t\t\t\t<div class=\"elementor-element elementor-element-2e7ff28 elementor-widget elementor-widget-heading\" data-id=\"2e7ff28\" data-element_type=\"widget\" data-widget_type=\"heading.default\">\n\t\t\t\t<div class=\"elementor-widget-container\">\n\t\t\t\t\t<h4 class=\"elementor-heading-title elementor-size-default\"><a href=\"https:\/\/www.gerharddeim.at\/en\/weine\/kalvarienberggv\/\">RIED<\/a><\/h4>\t\t\t\t<\/div>\n\t\t\t\t<\/div>\n\t\t\t\t<div class=\"elementor-element elementor-element-931a016 elementor-widget elementor-widget-heading\" data-id=\"931a016\" data-element_type=\"widget\" data-widget_type=\"heading.default\">\n\t\t\t\t<div class=\"elementor-widget-container\">\n\t\t\t\t\t<span class=\"elementor-heading-title elementor-size-default\"><a href=\"https:\/\/www.gerharddeim.at\/en\/weine\/kalvarienberggv\/\">KALVARIENBERG<\/a><\/span>\t\t\t\t<\/div>\n\t\t\t\t<\/div>\n\t\t\t\t\t<\/div>\n\t\t<\/div>\n\t\t\t\t<div class=\"elementor-column elementor-col-33 elementor-inner-column elementor-element elementor-element-764f099\" data-id=\"764f099\" data-element_type=\"column\">\n\t\t\t<div class=\"elementor-widget-wrap elementor-element-populated\">\n\t\t\t\t\t\t<div class=\"elementor-element elementor-element-b0066ca elementor-widget elementor-widget-image\" data-id=\"b0066ca\" data-element_type=\"widget\" data-widget_type=\"image.default\">\n\t\t\t\t<div class=\"elementor-widget-container\">\n\t\t\t\t\t\t\t\t\t\t\t\t\t\t\t\t<a href=\"https:\/\/www.gerharddeim.at\/en\/irbling-riesling\/\">\n\t\t\t\t\t\t\t<img loading=\"lazy\" decoding=\"async\" width=\"1057\" height=\"4661\" src=\"https:\/\/www.gerharddeim.at\/wp-content\/uploads\/2021\/04\/Ried-IRBLING-Riesling-comp.png\" class=\"attachment-full size-full wp-image-2474\" alt=\"\" srcset=\"https:\/\/www.gerharddeim.at\/wp-content\/uploads\/2021\/04\/Ried-IRBLING-Riesling-comp.png 1057w, https:\/\/www.gerharddeim.at\/wp-content\/uploads\/2021\/04\/Ried-IRBLING-Riesling-comp-300x1323.png 300w, https:\/\/www.gerharddeim.at\/wp-content\/uploads\/2021\/04\/Ried-IRBLING-Riesling-comp-68x300.png 68w, https:\/\/www.gerharddeim.at\/wp-content\/uploads\/2021\/04\/Ried-IRBLING-Riesling-comp-232x1024.png 232w, https:\/\/www.gerharddeim.at\/wp-content\/uploads\/2021\/04\/Ried-IRBLING-Riesling-comp-768x3387.png 768w, https:\/\/www.gerharddeim.at\/wp-content\/uploads\/2021\/04\/Ried-IRBLING-Riesling-comp-348x1536.png 348w, https:\/\/www.gerharddeim.at\/wp-content\/uploads\/2021\/04\/Ried-IRBLING-Riesling-comp-3x12.png 3w, https:\/\/www.gerharddeim.at\/wp-content\/uploads\/2021\/04\/Ried-IRBLING-Riesling-comp-600x2646.png 600w\" sizes=\"(max-width: 1057px) 100vw, 1057px\" \/>\t\t\t\t\t\t\t\t<\/a>\n\t\t\t\t\t\t\t\t\t\t\t\t\t\t\t<\/div>\n\t\t\t\t<\/div>\n\t\t\t\t<div class=\"elementor-element elementor-element-9f4374b elementor-widget elementor-widget-heading\" data-id=\"9f4374b\" data-element_type=\"widget\" data-widget_type=\"heading.default\">\n\t\t\t\t<div class=\"elementor-widget-container\">\n\t\t\t\t\t<h4 class=\"elementor-heading-title elementor-size-default\"><a href=\"https:\/\/www.gerharddeim.at\/en\/irbling-riesling\/\">RIED<\/a><\/h4>\t\t\t\t<\/div>\n\t\t\t\t<\/div>\n\t\t\t\t<div class=\"elementor-element elementor-element-2441621 elementor-widget elementor-widget-heading\" data-id=\"2441621\" data-element_type=\"widget\" data-widget_type=\"heading.default\">\n\t\t\t\t<div class=\"elementor-widget-container\">\n\t\t\t\t\t<span class=\"elementor-heading-title elementor-size-default\"><a href=\"https:\/\/www.gerharddeim.at\/en\/irbling-riesling\/\">Irbling<\/a><\/span>\t\t\t\t<\/div>\n\t\t\t\t<\/div>\n\t\t\t\t\t<\/div>\n\t\t<\/div>\n\t\t\t\t\t<\/div>\n\t\t<\/section>\n\t\t\t\t<div class=\"elementor-element elementor-element-0f8c336 elementor-align-center elementor-widget elementor-widget-button\" data-id=\"0f8c336\" data-element_type=\"widget\" data-widget_type=\"button.default\">\n\t\t\t\t<div class=\"elementor-widget-container\">\n\t\t\t\t\t\t\t\t\t<div class=\"elementor-button-wrapper\">\n\t\t\t\t\t<a class=\"elementor-button elementor-button-link elementor-size-sm\" href=\"https:\/\/www.gerharddeim.at\/en\/weine\/\">\n\t\t\t\t\t\t<span class=\"elementor-button-content-wrapper\">\n\t\t\t\t\t\t\t\t\t<span class=\"elementor-button-text\">Our wines<\/span>\n\t\t\t\t\t<\/span>\n\t\t\t\t\t<\/a>\n\t\t\t\t<\/div>\n\t\t\t\t\t\t\t\t<\/div>\n\t\t\t\t<\/div>\n\t\t\t\t\t<\/div>\n\t\t<\/div>\n\t\t\t\t\t<\/div>\n\t\t<\/section>\n\t\t\t\t<\/div>","protected":false},"excerpt":{"rendered":"<p>Alt und Jung verbindet das Streben nach kompromisslos hoher Qualit\u00e4t und diese beginnt sowohl bei Rieden- und Reserveweinen als auch bei Gebiets- und Leichtweinen mit der Hege und Pflege eines jeden einzelnen Rebstocks. NEUIGKEITEN &#8211; aus Sch\u00f6nberg &#8211; vinariasieger Ried Kalvarienberg gewinnt VINARIA Vertikalverkostung 2021 vs. 2o19 mehr dazu vineus awardnewcomer winzer Gerhard jun. wurde [&hellip;]<\/p>","protected":false},"author":1,"featured_media":0,"parent":0,"menu_order":0,"comment_status":"closed","ping_status":"closed","template":"elementor_header_footer","meta":{"ocean_post_layout":"full-screen","ocean_both_sidebars_style":"","ocean_both_sidebars_content_width":0,"ocean_both_sidebars_sidebars_width":0,"ocean_sidebar":"0","ocean_second_sidebar":"0","ocean_disable_margins":"on","ocean_add_body_class":"","ocean_shortcode_before_top_bar":"","ocean_shortcode_after_top_bar":"","ocean_shortcode_before_header":"","ocean_shortcode_after_header":"","ocean_has_shortcode":"","ocean_shortcode_after_title":"","ocean_shortcode_before_footer_widgets":"","ocean_shortcode_after_footer_widgets":"","ocean_shortcode_before_footer_bottom":"","ocean_shortcode_after_footer_bottom":"","ocean_display_top_bar":"off","ocean_display_header":"on","ocean_header_style":"","ocean_center_header_left_menu":"0","ocean_custom_header_template":"0","ocean_custom_logo":0,"ocean_custom_retina_logo":0,"ocean_custom_logo_max_width":0,"ocean_custom_logo_tablet_max_width":0,"ocean_custom_logo_mobile_max_width":0,"ocean_custom_logo_max_height":0,"ocean_custom_logo_tablet_max_height":0,"ocean_custom_logo_mobile_max_height":0,"ocean_header_custom_menu":"0","ocean_menu_typo_font_family":"Playfair Display","ocean_menu_typo_font_subset":"","ocean_menu_typo_font_size":18,"ocean_menu_typo_font_size_tablet":0,"ocean_menu_typo_font_size_mobile":0,"ocean_menu_typo_font_size_unit":"px","ocean_menu_typo_font_weight":"200","ocean_menu_typo_font_weight_tablet":"","ocean_menu_typo_font_weight_mobile":"","ocean_menu_typo_transform":"","ocean_menu_typo_transform_tablet":"","ocean_menu_typo_transform_mobile":"","ocean_menu_typo_line_height":0,"ocean_menu_typo_line_height_tablet":0,"ocean_menu_typo_line_height_mobile":0,"ocean_menu_typo_line_height_unit":"","ocean_menu_typo_spacing":0,"ocean_menu_typo_spacing_tablet":0,"ocean_menu_typo_spacing_mobile":0,"ocean_menu_typo_spacing_unit":"","ocean_menu_link_color":"","ocean_menu_link_color_hover":"","ocean_menu_link_color_active":"","ocean_menu_link_background":"","ocean_menu_link_hover_background":"","ocean_menu_link_active_background":"","ocean_menu_social_links_bg":"","ocean_menu_social_hover_links_bg":"","ocean_menu_social_links_color":"","ocean_menu_social_hover_links_color":"","ocean_disable_title":"on","ocean_disable_heading":"default","ocean_post_title":"","ocean_post_subheading":"","ocean_post_title_style":"","ocean_post_title_background_color":"","ocean_post_title_background":0,"ocean_post_title_bg_image_position":"","ocean_post_title_bg_image_attachment":"","ocean_post_title_bg_image_repeat":"","ocean_post_title_bg_image_size":"","ocean_post_title_height":0,"ocean_post_title_bg_overlay":0.5,"ocean_post_title_bg_overlay_color":"","ocean_disable_breadcrumbs":"default","ocean_breadcrumbs_color":"","ocean_breadcrumbs_separator_color":"","ocean_breadcrumbs_links_color":"","ocean_breadcrumbs_links_hover_color":"","ocean_display_footer_widgets":"on","ocean_display_footer_bottom":"off","ocean_custom_footer_template":"1074","footnotes":""},"class_list":["post-5","page","type-page","status-publish","hentry","entry","owp-thumbs-layout-horizontal","owp-btn-normal","owp-tabs-layout-horizontal","has-no-thumbnails","has-product-nav"],"jetpack_sharing_enabled":true,"_links":{"self":[{"href":"https:\/\/www.gerharddeim.at\/en\/wp-json\/wp\/v2\/pages\/5","targetHints":{"allow":["GET"]}}],"collection":[{"href":"https:\/\/www.gerharddeim.at\/en\/wp-json\/wp\/v2\/pages"}],"about":[{"href":"https:\/\/www.gerharddeim.at\/en\/wp-json\/wp\/v2\/types\/page"}],"author":[{"embeddable":true,"href":"https:\/\/www.gerharddeim.at\/en\/wp-json\/wp\/v2\/users\/1"}],"replies":[{"embeddable":true,"href":"https:\/\/www.gerharddeim.at\/en\/wp-json\/wp\/v2\/comments?post=5"}],"version-history":[{"count":51,"href":"https:\/\/www.gerharddeim.at\/en\/wp-json\/wp\/v2\/pages\/5\/revisions"}],"predecessor-version":[{"id":23516,"href":"https:\/\/www.gerharddeim.at\/en\/wp-json\/wp\/v2\/pages\/5\/revisions\/23516"}],"wp:attachment":[{"href":"https:\/\/www.gerharddeim.at\/en\/wp-json\/wp\/v2\/media?parent=5"}],"curies":[{"name":"wp","href":"https:\/\/api.w.org\/{rel}","templated":true}]}}